{"id":1152,"date":"2026-03-07T22:03:42","date_gmt":"2026-03-07T22:03:42","guid":{"rendered":"https:\/\/icc.diocesedeangra.pt\/?page_id=1152"},"modified":"2026-04-22T00:10:08","modified_gmt":"2026-04-22T00:10:08","slug":"sobre-nos","status":"publish","type":"page","link":"http:\/\/icc.diocesedeangra.pt\/index.php\/sobre-nos\/","title":{"rendered":"#Sobre n\u00f3s"},"content":{"rendered":"\t\t<div data-elementor-type=\"wp-page\" data-elementor-id=\"1152\" class=\"elementor elementor-1152\" data-elementor-post-type=\"page\">\n\t\t\t\t\t\t<section class=\"elementor-section elementor-top-section elementor-element elementor-element-88f2a7e elementor-section-boxed elementor-section-height-default elementor-section-height-default\" data-id=\"88f2a7e\" data-element_type=\"section\" data-e-type=\"section\">\n\t\t\t\t\t\t<div class=\"elementor-container elementor-column-gap-default\">\n\t\t\t\t\t<div class=\"elementor-column elementor-col-100 elementor-top-column elementor-element elementor-element-ca0ef81\" data-id=\"ca0ef81\" data-element_type=\"column\" data-e-type=\"column\">\n\t\t\t<div class=\"elementor-widget-wrap elementor-element-populated\">\n\t\t\t\t\t\t<div class=\"elementor-element elementor-element-53f6c0f elementor-tabs-view-horizontal elementor-widget elementor-widget-tabs\" data-id=\"53f6c0f\" data-element_type=\"widget\" data-e-type=\"widget\" data-widget_type=\"tabs.default\">\n\t\t\t\t<div class=\"elementor-widget-container\">\n\t\t\t\t\t\t\t<div class=\"elementor-tabs\">\n\t\t\t<div class=\"elementor-tabs-wrapper\" role=\"tablist\" >\n\t\t\t\t\t\t\t\t\t<div id=\"elementor-tab-title-8801\" class=\"elementor-tab-title elementor-tab-desktop-title\" aria-selected=\"true\" data-tab=\"1\" role=\"tab\" tabindex=\"0\" aria-controls=\"elementor-tab-content-8801\" aria-expanded=\"false\">SAUDA\u00c7\u00c3O<\/div>\n\t\t\t\t\t\t\t\t\t<div id=\"elementor-tab-title-8802\" class=\"elementor-tab-title elementor-tab-desktop-title\" aria-selected=\"false\" data-tab=\"2\" role=\"tab\" tabindex=\"-1\" aria-controls=\"elementor-tab-content-8802\" aria-expanded=\"false\">IDENTIDADE E MISS\u00c3O<\/div>\n\t\t\t\t\t\t\t\t\t<div id=\"elementor-tab-title-8803\" class=\"elementor-tab-title elementor-tab-desktop-title\" aria-selected=\"false\" data-tab=\"3\" role=\"tab\" tabindex=\"-1\" aria-controls=\"elementor-tab-content-8803\" aria-expanded=\"false\">OBJETIVOS<\/div>\n\t\t\t\t\t\t\t\t\t<div id=\"elementor-tab-title-8804\" class=\"elementor-tab-title elementor-tab-desktop-title\" aria-selected=\"false\" data-tab=\"4\" role=\"tab\" tabindex=\"-1\" aria-controls=\"elementor-tab-content-8804\" aria-expanded=\"false\">HIST\u00d3RIA<\/div>\n\t\t\t\t\t\t\t\t\t<div id=\"elementor-tab-title-8805\" class=\"elementor-tab-title elementor-tab-desktop-title\" aria-selected=\"false\" data-tab=\"5\" role=\"tab\" tabindex=\"-1\" aria-controls=\"elementor-tab-content-8805\" aria-expanded=\"false\">MISS\u00c3O CULTURA<\/div>\n\t\t\t\t\t\t\t<\/div>\n\t\t\t<div class=\"elementor-tabs-content-wrapper\" role=\"tablist\" aria-orientation=\"vertical\">\n\t\t\t\t\t\t\t\t\t<div class=\"elementor-tab-title elementor-tab-mobile-title\" aria-selected=\"true\" data-tab=\"1\" role=\"tab\" tabindex=\"0\" aria-controls=\"elementor-tab-content-8801\" aria-expanded=\"false\">SAUDA\u00c7\u00c3O<\/div>\n\t\t\t\t\t<div id=\"elementor-tab-content-8801\" class=\"elementor-tab-content elementor-clearfix\" data-tab=\"1\" role=\"tabpanel\" aria-labelledby=\"elementor-tab-title-8801\" tabindex=\"0\" hidden=\"false\"><p>A todos os que fazem parte do Instituto Cat\u00f3lico de Cultura, como Instituto Diocesano presente nas nove Ilhas, rumo aos 500 Anos da nossa Igreja Local<\/p><p>Aos que o seguram atrav\u00e9s das suas iniciativas e vida pr\u00f3pria<\/p><p>A todos os que acompanharem e ajudarem este Site, visualizando-o e colaborando nele como rosto e eco do nosso Instituto.<\/p><p>Aos que de dentro e de fora, o quiserem seguir com cr\u00edtica, criatividade e admira\u00e7\u00e3o<\/p><p>Em nome da Dire\u00e7\u00e3o e dos Departamentos que o comp\u00f5em, um bem haja numa sauda\u00e7\u00e3o amiga, enviada pelo Diretor do Instituto Cat\u00f3lico de Cultura<\/p><p><em>Padre Jos\u00e9 Const\u00e2ncia<\/em><\/p><\/div>\n\t\t\t\t\t\t\t\t\t<div class=\"elementor-tab-title elementor-tab-mobile-title\" aria-selected=\"false\" data-tab=\"2\" role=\"tab\" tabindex=\"-1\" aria-controls=\"elementor-tab-content-8802\" aria-expanded=\"false\">IDENTIDADE E MISS\u00c3O<\/div>\n\t\t\t\t\t<div id=\"elementor-tab-content-8802\" class=\"elementor-tab-content elementor-clearfix\" data-tab=\"2\" role=\"tabpanel\" aria-labelledby=\"elementor-tab-title-8802\" tabindex=\"0\" hidden=\"hidden\"><p>Identidade e Miss\u00e3o do Instituto Cat\u00f3lico de Cultura<\/p><ul><li>O Instituto Cat\u00f3lico de Cultura \u00e9 uma institui\u00e7\u00e3o eclesial ao servi\u00e7o da nossa Diocese com uma Miss\u00e3o espec\u00edfica na \u00e1rea da Cultura e da Forma\u00e7\u00e3o, visando uma presen\u00e7a crist\u00e3 transformadora do mundo.<\/li><li>Tem como objetivos a promo\u00e7\u00e3o do di\u00e1logo-f\u00e9-cultura e ci\u00eancia; fomentar o di\u00e1logo ecum\u00e9nico e inter-religioso pela criatividade na Regi\u00e3o A\u00e7ores; e a ajuda \u00e0 forma\u00e7\u00e3o crist\u00e3 integral na Diocese.<\/li><li>Est\u00e1 organizado com os seguintes \u00f3rg\u00e3os de gest\u00e3o, Dire\u00e7\u00e3o, Conselho Fiscal, \u00c1reas Coordenadoras: F\u00e9-Cultura, Di\u00e1logo Ecum\u00e9nico, Hist\u00f3ria e Publica\u00e7\u00f5es; Forma\u00e7\u00e3o a Docentes de E.M.R.C. e ajuda a Agentes de Pastoral.<\/li><li>\u00c9 uma inst\u00e2ncia formativa diocesana interligada ao servi\u00e7o Diocesano da Coordena\u00e7\u00e3o da Forma\u00e7\u00e3o, com autonomia e com personalidade jur\u00eddico-can\u00f3nica pr\u00f3prias.<\/li><\/ul><\/div>\n\t\t\t\t\t\t\t\t\t<div class=\"elementor-tab-title elementor-tab-mobile-title\" aria-selected=\"false\" data-tab=\"3\" role=\"tab\" tabindex=\"-1\" aria-controls=\"elementor-tab-content-8803\" aria-expanded=\"false\">OBJETIVOS<\/div>\n\t\t\t\t\t<div id=\"elementor-tab-content-8803\" class=\"elementor-tab-content elementor-clearfix\" data-tab=\"3\" role=\"tabpanel\" aria-labelledby=\"elementor-tab-title-8803\" tabindex=\"0\" hidden=\"hidden\"><h3 style=\"font-style: normal; color: rgb(30, 41, 59);\">Departamento de Hist\u00f3ria<\/h3>\n<div>\n<h3 style=\"font-style: normal; color: rgb(30, 41, 59);\"><span style=\"font-size: 1.25rem; font-style: inherit;\">Objetivos<\/span><\/h3>\n<\/div>\n<div>\n<p style=\"\"><ol><li>Resgatar e divulgar a hist\u00f3ria local da viv\u00eancia religiosa e da a\u00e7\u00e3o da Igreja na comunidade.<\/li><li>Sensibilizar a comunidade para o patrim\u00f3nio religioso como heran\u00e7a hist\u00f3rica, cultural e espiritual.<\/li><li>Desenvolver a\u00e7\u00f5es formativas sobre hist\u00f3ria da Igreja, arte sacra e patrim\u00f4nio religioso.<\/li><li>Publicar estudos sobre tem\u00e1ticas da Hist\u00f3ria da Igreja dos A\u00e7ores e outros.&nbsp;<\/li><\/ol><\/p>\n\n\n\n<div>\n<h3 style=\"font-style: normal; color: rgb(30, 41, 59);\"><span style=\"font-size: 1.25rem; font-style: inherit;\">Membros<\/span><\/h3>\n<\/div>\n<div>\n<p style=\"\"><ul><li>Susana Goulart Costa<\/li><li>Padre H\u00e9lio Soares<\/li><li>C\u00f3nego Jo\u00e3o Maria Mendes<\/li><li>Doutora Maria Assun\u00e7\u00e3o Melo&nbsp;<\/li><\/ul><\/p><div><br><\/div>\n<\/div>\n<\/div>\n<h3>Departamento do Di\u00e1logo Inter-Religioso e das Rela\u00e7\u00f5es Ecum\u00e9nicas:<\/h3>\n<h3><strong style=\"font-style: inherit; font-size: 1.5rem;\">&nbsp;<\/strong><span style=\"font-size: 1.25rem; font-style: inherit;\">Objetivos<\/span><\/h3>\n<div>\n<ol>\n<li><span style=\"font-style: inherit; font-weight: inherit;\">Inser\u00e7\u00e3o diocesana: integrar, atrav\u00e9s do Instituto Cat\u00f3lico de Cultura, o servi\u00e7o ecum\u00e9nico e inter-religioso no Projeto Pastoral da Diocese de Angra, em comunh\u00e3o com o Bispo e em liga\u00e7\u00e3o com a Subcomiss\u00e3o para o Di\u00e1logo Inter-Religioso da CEP.<\/span><\/li>\n<li>Fen\u00f3meno religioso e di\u00e1logo: conhecer o fen\u00f3meno religioso hoje na circunscri\u00e7\u00e3o territorial da Diocese de Angra (Igrejas crist\u00e3s, outras religi\u00f5es, lugares de culto, respons\u00e1veis) e promover o di\u00e1logo entre confiss\u00f5es crist\u00e3s e entre religi\u00f5es.<\/li>\n<li>Sinodalidade: aten\u00e7\u00e3o, acompanhamento e a\u00e7\u00e3o: ajudar par\u00f3quias, ouvidorias e movimentos a viver o di\u00e1logo em chave sinodal, promovendo atitudes de aten\u00e7\u00e3o \u00e0s outras presen\u00e7as religiosas, acompanhamento pr\u00f3ximo e a\u00e7\u00f5es concretas de coopera\u00e7\u00e3o, servi\u00e7o e paz.<\/li>\n<li>Anima\u00e7\u00e3o ecum\u00e9nica na vida da Diocese: animar e coordenar, a n\u00edvel diocesano, momentos significativos de ora\u00e7\u00e3o e forma\u00e7\u00e3o ecum\u00e9nica, em especial a Semana de Ora\u00e7\u00e3o pela Unidade dos Crist\u00e3os, oferecendo subs\u00eddios e apoio \u00e0s comunidades para que rezem, pensem e atuem em esp\u00edrito de unidade e respeito.<\/li>\n<\/ol>\n<div>&nbsp;<\/div>\n<\/div>\n<h3>&nbsp;<\/h3>\n<h3><strong style=\"font-size: 1.5rem; font-style: inherit;\">\u00c1rea\/Departamento de Forma\u00e7\u00e3o do Instituto Cat\u00f3lico&nbsp;<\/strong><\/h3>\n<div><strong style=\"color: #1e293b; font-size: 1.25rem; font-style: inherit;\">Objetivos e Composi\u00e7\u00e3o<\/strong><\/div>\n<p>O Departamento de Forma\u00e7\u00e3o do Instituto Cat\u00f3lico de Cultura desenvolve as suas atividades e iniciativas no \u00e2mbito do Instituto e do SDAPE_Servi\u00e7o Diocesano de Apoio \u00e0 Pastoral Escolar.<\/p>\n<p>Atendendo \u00e0s necessidades de Forma\u00e7\u00e3o Cont\u00ednua para o Pessoal Docente e N\u00e3o Docente, o ICC\/SDAPE formalizou a cria\u00e7\u00e3o de uma Entidade Formadora, de acordo com as regras e reconhecimento formal da Dire\u00e7\u00e3o Regional da Educa\u00e7\u00e3o, denominada de PEICFORM.<\/p>\n<p>Em articula\u00e7\u00e3o com o Servi\u00e7o de Coordena\u00e7\u00e3o da Forma\u00e7\u00e3o da Diocese, o ICC\/SDAPE expressa total abertura e disponibilidade para cooperar no \u00e2mbito da Forma\u00e7\u00e3o do Povo de Deus nas \u00e1reas, iniciativas formativas ou tem\u00e1ticas concili\u00e1veis com os seus Formadores\/Colaboradores.<\/p>\n<ol>\n<li><u>PEICFORM- PASTORAL ESCOLAR\/INSTITUTO CAT\u00d3LICO ENTIDADE FORMADORA.<\/u><\/li>\n<\/ol>\n<ul>\n<li>Objetivos:<\/li>\n<\/ul>\n<ol>\n<li>Promover e desenvolver parcerias ao n\u00edvel da Forma\u00e7\u00e3o Continua do Pessoal Docente e N\u00e3o Docente.<\/li>\n<li>Proporcionar A\u00e7\u00f5es de Forma\u00e7\u00e3o Cont\u00ednua Acreditadas aos professores de Educa\u00e7\u00e3o Moral e Religiosa Cat\u00f3lica dos A\u00e7ores, Grupo 290<\/li>\n<li>Desenvolver A\u00e7\u00f5es de Forma\u00e7\u00e3o Cont\u00ednua Acreditada para os Professores de todos os Grupos Disciplinares.<\/li>\n<li>Propor A\u00e7\u00f5es de Forma\u00e7\u00e3o para o Pessoal N\u00e3o Docente.<\/li>\n<li>Colaborar na Forma\u00e7\u00e3o do Povo de Deus: Agentes da Pastoral e Leigos.<\/li>\n<li>Atender \u00e0s necessidades de Forma\u00e7\u00e3o Cont\u00ednua Acreditada e N\u00e3o Creditada.<\/li>\n<li>Privilegiar, no \u00e2mbito das suas propostas formativas, as seguintes tem\u00e1ticas:<\/li>\n<li>A EMRC no primeiro ciclo.<\/li>\n<li>A Escola Virtual e os Manuais Digitais.<\/li>\n<li>Patrim\u00f3nio Religioso dos A\u00e7ores<\/li>\n<li>Religi\u00e3o e Ci\u00eancia, F\u00e9 e Raz\u00e3o<\/li>\n<li>O Homem, Ser Religioso<\/li>\n<li>Encontros entre a EMRC e a Cidadania<\/li>\n<li>Tradi\u00e7\u00f5es e Religiosidade Popular<\/li>\n<li>Forma\u00e7\u00e3o de Leigos e Agentes da Pastoral no \u00e2mbito da B\u00edblia, Hist\u00f3ria da Igreja, Sacramentologia<\/li>\n<li>Forma\u00e7\u00e3o pedag\u00f3gica de catequistas.<\/li>\n<li>?<\/li>\n<\/ol>\n<ol start=\"2\">\n<li><u>EQUIPA: FORMADORES \/COLABORADORES<\/u><\/li>\n<\/ol>\n<p>O processo de renova\u00e7\u00e3o da Acredita\u00e7\u00e3o do PEICFORM est\u00e1 em desenvolvimento. Todavia, o Departamento de Forma\u00e7\u00e3o do ICC est\u00e1 em plena atividade.&nbsp; Para o planeamento e concretiza\u00e7\u00e3o dos objetivos propostos para o pr\u00f3ximo Tri\u00e9nio (2026\/2029), constitu\u00ed uma Equipa de Formadores- com Estatuto reconhecido pela DRE, e colaboradores, de acordo com o quadro que se segue:<\/p>\n<p><strong>Formadores\/Colaboradores&nbsp;&nbsp; do Departamento\/Sec\u00e7\u00e3o de Forma\u00e7\u00e3o do ICC\/SDAPE e PEICFORM<\/strong><\/p>\n<table>\n<tbody>\n<tr>\n<td>\n<p><strong>&nbsp;NOME<\/strong><\/p>\n<\/td>\n<td>\n<p><strong>&nbsp;CATEGORIA<\/strong><\/p>\n<\/td>\n<td>\n<p><strong>OBSERVA\u00c7\u00c3O<\/strong><\/p>\n<\/td>\n<\/tr>\n<tr>\n<td>\n<p>&nbsp;Padre Adriano Borges<\/p>\n<\/td>\n<td>\n<p>Diretor do SDAPE<\/p>\n<p>Formador<\/p>\n<\/td>\n<td>\n<p>Formado em Hist\u00f3ria<\/p>\n<\/td>\n<\/tr>\n<tr>\n<td>\n<p>Bento Aguiar<\/p>\n<\/td>\n<td>\n<p>Diretor Adjunto do SDAPE<\/p>\n<p>Professor de EMRC na ESAQ<\/p>\n<\/td>\n<td>\n<p>Licenciado em Ci\u00eancias Religiosas<\/p>\n<p>Estatuto de Formador Acreditado<\/p>\n<\/td>\n<\/tr>\n<tr>\n<td>\n<p>Padre Jos\u00e9 da Encarna\u00e7\u00e3o<\/p>\n<\/td>\n<td>\n<p>Professor de EMRC<\/p>\n<p>Respons\u00e1vel pela \u00e1rea da Inform\u00e1tica e Comunica\u00e7\u00e3o<\/p>\n<\/td>\n<td>\n<p>Licenciado em Ci\u00eancias Religiosas<\/p>\n<\/td>\n<\/tr>\n<tr>\n<td>\n<p>F\u00e1bio Goulart<\/p>\n<\/td>\n<td>\n<p>Professor de EMRC<\/p>\n<\/td>\n<td>\n<p>Mestre em Ci\u00eancias Religiosas.<\/p>\n<p>Licenciado em Educa\u00e7\u00e3o B\u00e1sica.<\/p>\n<p>Estatuto de Formador<\/p>\n<\/td>\n<\/tr>\n<tr>\n<td>\n<p>Ant\u00f3nio Sampaio<\/p>\n<\/td>\n<td>\n<p>Professor de EMRC<\/p>\n<p>Apoio na \u00e1rea de Inform\u00e1tica e Comunica\u00e7\u00e3o<\/p>\n<\/td>\n<td>\n<p>A requerer Estatuto<\/p>\n<\/td>\n<\/tr>\n<tr>\n<td>\n<p>Padre Hor\u00e1cio Alves<\/p>\n<\/td>\n<td>\n<p>Professor de EMRC<\/p>\n<\/td>\n<td>\n<p>Licenciado em Ci\u00eancias Religiosas<\/p>\n<p>Estatuto de Formador<\/p>\n<\/td>\n<\/tr>\n<tr>\n<td>\n<p>Cataria Santos Amaral<\/p>\n<\/td>\n<td>\n<p>Professora de EMRC na EBI Francisco Ferreira Drummond, Ilha Terceira<\/p>\n<\/td>\n<td>\n<p>Licenciada em Ci\u00eancias Religiosas.<\/p>\n<p>Licenciada em CN\/Biologia<\/p>\n<p>Estatuto de Formador<\/p>\n<\/td>\n<\/tr>\n<tr>\n<td>\n<p>Padre H\u00e9lio Soares<\/p>\n<\/td>\n<td>\n<p>Colaborador na \u00e1rea de Hist\u00f3ria e Patrim\u00f3nio<\/p>\n<\/td>\n<td>\n<p>Estatuto de Formador<\/p>\n<\/td>\n<\/tr>\n<\/tbody>\n<\/table>\n<p>Ponta Delgada, 13 de janeiro, de 2026<\/p>\n<p>O Diretor Adjunto do SDAPE\/Coordenador da Forma\u00e7\u00e3o do ICC<\/p>\n<p>Bento Fernando Oliveira Aguiar<\/p><\/div>\n\t\t\t\t\t\t\t\t\t<div class=\"elementor-tab-title elementor-tab-mobile-title\" aria-selected=\"false\" data-tab=\"4\" role=\"tab\" tabindex=\"-1\" aria-controls=\"elementor-tab-content-8804\" aria-expanded=\"false\">HIST\u00d3RIA<\/div>\n\t\t\t\t\t<div id=\"elementor-tab-content-8804\" class=\"elementor-tab-content elementor-clearfix\" data-tab=\"4\" role=\"tabpanel\" aria-labelledby=\"elementor-tab-title-8804\" tabindex=\"0\" hidden=\"hidden\"><h3><strong>A Hist\u00f3ria do Instituto Cat\u00f3lico de Cultura<\/strong><\/h3><p><strong>(um pouco de quase tudo\u2026\u2026)<\/strong><\/p><p><strong><u>1. Funda\u00e7\u00e3o e evolu\u00e7\u00e3o ao longo do tempo<\/u><\/strong><strong>\u00a0(1993 \u2013 2015)<\/strong><\/p><p>1993 \u2013 Cria\u00e7\u00e3o<\/p><p><u>24 de julho de 1993<\/u> : o ent\u00e3o Bispo de Angra, D. Aur\u00e9lio Granada Escudeiro, funda o Instituto de Cultura Cat\u00f3lica (assim chamado naquela altura) com o objetivo de promover a forma\u00e7\u00e3o crist\u00e3 e o di\u00e1logo entre f\u00e9 e cultura.<\/p><p>Pela mesma provis\u00e3o, o Senhor Bispo nomeou uma Comiss\u00e3o Instaladora, tendo como Coordenador o Padre Dr. Jo\u00e3o Maria Mendes.<\/p><p><u>23 de novembro de 1993<\/u> abertura oficial do Curso B\u00e1sico de Teologia com a presen\u00e7a do Bispo Diocesano.<\/p><p><u>17 de dezembro de 1993<\/u> Extens\u00e3o do Curso B\u00e1sico de Teologia \u00e0 Ilha de S\u00e3o Miguel, tarefa dada a uma Comiss\u00e3o, cujo Coordenador nomeado foi o Padre Dr. Cipriano Franco Pacheco.<\/p><p>Desenvolvimento dos cursos b\u00e1sicos de teologia e forma\u00e7\u00e3o de leigos. Alguns leigos foram preparados para serem institu\u00eddos nos Minist\u00e9rios do Leitorado e Acolitado.<\/p><h4><strong><u>D\u00e9cada de 2000<\/u><\/strong><\/h4><ol><li>Realiza\u00e7\u00e3o de um Curso de Ci\u00eancias Religiosas para docentes de E.M.R.C. dos A\u00e7ores, em parceria com a Universidade Cat\u00f3lica e o Semin\u00e1rio de Angra.<\/li><li>Realizaram-se algumas sess\u00f5es no \u00e2mbito do Jubileu da Cultura(ano 2000) de um Col\u00f3quio subordinado ao tema o \u201cCristianismo e a Identidade A\u00e7oriana\u201d.<\/li><li>Houve ainda a realiza\u00e7\u00e3o de algumas palestras e conferencias na ilha Terceira, mas sobretudo na de S\u00e3o Miguel.<\/li><\/ol><p>Interinamente e durante algum tempo o Padre Dr. Oct\u00e1vio Medeiros foi Diretor deste Instituto, aquando da desloca\u00e7\u00e3o a Roma do Padre Dr. Cipriano Franco Pacheco para a realiza\u00e7\u00e3o do seu Doutoramento.<\/p><h4>2010 e 2015<\/h4><p>Houve um abrandamento de actividades e mesmo uma certa pausa na vida do Instituto.<\/p><ol start=\"2\"><li>\u201c<strong><u>Altera\u00e7\u00e3o do nome\u201d e Revitaliza\u00e7\u00e3o do I.C.C. (2015-2025)<\/u><\/strong><\/li><\/ol><ul><li>Os Membros do Conselho Presbiteral na sua Sess\u00e3o Plen\u00e1ria do ano de 2015 aprovaram o seguinte:<\/li><\/ul><p>\u201cA revitaliza\u00e7\u00e3o do Instituto de Cultura Cat\u00f3lica e a altera\u00e7\u00e3o do seu nome para <u>Instituto Cat\u00f3lico de Cultura<\/u>\u201d.<\/p><p>2017: Reativa\u00e7\u00e3o, mudan\u00e7a da designa\u00e7\u00e3o para Instituto Cat\u00f3lico de Cultura, nomea\u00e7\u00e3o de novo Diretor na pessoa do Padre Dr. Jos\u00e9 Medeiros Const\u00e2ncia, elabora\u00e7\u00e3o, aprova\u00e7\u00e3o dos Estatutos e nomea\u00e7\u00e3o de Corpos Sociais.<\/p><ul><li>Ainda em 2017 a cria\u00e7\u00e3o das Vigararias Episcopais Territoriais na Diocese e da Vigararia Sectorial para a Forma\u00e7\u00e3o com Vig\u00e1rio Episcopal pr\u00f3prio, re-situa o Instituto Cat\u00f3lico de Cultura na \u00e1rea da Forma\u00e7\u00e3o.<\/li><li>Com miss\u00e3o e objetivos estabelecidos, com uma estrutura organizacional pr\u00f3pria, com \u00f3rg\u00e3os e fun\u00e7\u00f5es definidos, come\u00e7aram actividades neste ano e projetos relevantes.<\/li><li>Em 2018: Celebra\u00e7\u00e3o sentida, mas modesta, das \u201cBodas de Prata\u201d com o 25\u00ba anivers\u00e1rio da cria\u00e7\u00e3o do Instituto Cat\u00f3lico de Cultura .<\/li><li>Nesta altura o Diretor do Instituto Cat\u00f3lico de Cultura e o Diretor do Servi\u00e7o Diocesano da Pastoral Escolar foram interlocutores entre a Diocese de Angra e a Faculdade de Teologia da Universidade Cat\u00f3lica para a realiza\u00e7\u00e3o de um Curso de Ci\u00eancias Religiosas para docentes de E.M.R.C. nos A\u00e7ores.<\/li><li>Em julho de 2020 a Dire\u00e7\u00e3o Regional da Educa\u00e7\u00e3o concedeu a acredita\u00e7\u00e3o ao \u201cServi\u00e7o Diocesano de Apoio \u00e0 Pastoral Escolar \u201cSDAPE\u201d e Instituto Cat\u00f3lico de Cultura \u201cICC\u201d como \u201cEntidade Formadora\u201d ao abrigo de legisla\u00e7\u00e3o regional.<\/li><li>Entre 2017 e 2024: Realizam-se v\u00e1rias Confer\u00eancias, Tert\u00falias, Mesas Redondas e Col\u00f3quios sobre as mais diversas tem\u00e1ticas: di\u00e1logo f\u00e9-cultura, dimens\u00e3o social da f\u00e9, etc. Algumas destas atividades, foram realizadas em parceria com o Santu\u00e1rio do Senhor Santo Cristo dos Milagres, Servi\u00e7o Diocesano da Pastoral Familiar e do Servi\u00e7o da Pastoral Escolar.<\/li><\/ul><p><u>A 10 de mar\u00e7o de 2023<\/u>. Assinatura do Protocolo de Coopera\u00e7\u00e3o no \u00e2mbito do Projeto DIO 500 com a Universidade dos A\u00e7ores.<\/p><p><u>Em 2023 e 2024<\/u> \u2013 Transmiss\u00e3o na RTP A\u00e7ores de duas S\u00e9ries intituladas \u201c<u>A Igreja e a Sociedade<\/u>\u201d com v\u00e1rias Mesas Redondas.<\/p><p><u>Em 2024\/2025<\/u> foi redefinida e reestruturada a \u00e1rea da Forma\u00e7\u00e3o na Diocese e criado o Servi\u00e7o Diocesano da Coordena\u00e7\u00e3o da Forma\u00e7\u00e3o, o que levou, de novo, o Instituto Cat\u00f3lico de Cultura a \u201cresituar-se\u201d no \u00e2mbito diocesano e a realizar a sua reestrutura\u00e7\u00e3o interna.<\/p><p><u>2025 <\/u>\u2013 Organiza\u00e7\u00e3o dos \u201cDi\u00e1logos no Tempo\u201d com a coordena\u00e7\u00e3o do Grupo do Jubileu do Ano Santo da Esperan\u00e7a na Diocese.<\/p><p><u>2026<\/u> \u2013 Realiza\u00e7\u00e3o de um Col\u00f3quio em 22 de abril em Ponta Delgada dentro das Atividades do 1\u00ba Ano do primeiro Tri\u00eanio da Diocese rumo ao Ano de 2034 (500 da Diocese). Orientou o col\u00f3quio o Padre Doutor Jos\u00e9 Fraz\u00e3o Correia SJ, com o tema \u201cComo ser crist\u00e3o hoje na cidade\u201d.<\/p><p><strong>3. Reestrutura\u00e7\u00e3o e novo ciclo do Instituto Cat\u00f3lico de Cultura (2026 \u2026.<\/strong><\/p><p>\u00a0Ano Pastoral 2026\/2027: Elaborados novos Estatutos com o novo Organograma, bem como com nova Dire\u00e7\u00e3o, com quatro novas Comiss\u00f5es (Departamentos) com Coordenadores pr\u00f3prios, com o novo Conselho Fiscal, entra assim o Instituto Cat\u00f3lico de Cultura numa nova etapa ou ciclo da sua exist\u00eancia.<\/p><\/div>\n\t\t\t\t\t\t\t\t\t<div class=\"elementor-tab-title elementor-tab-mobile-title\" aria-selected=\"false\" data-tab=\"5\" role=\"tab\" tabindex=\"-1\" aria-controls=\"elementor-tab-content-8805\" aria-expanded=\"false\">MISS\u00c3O CULTURA<\/div>\n\t\t\t\t\t<div id=\"elementor-tab-content-8805\" class=\"elementor-tab-content elementor-clearfix\" data-tab=\"5\" role=\"tabpanel\" aria-labelledby=\"elementor-tab-title-8805\" tabindex=\"0\" hidden=\"hidden\"><p>A f\u00e9, quando acolhida de modo aut\u00eantico, n\u00e3o se fecha em si mesma, mas irradia sentido e transforma a cultura, impregnando-a de valores que elevam o ser humano e orientam as suas escolhas. Ao mesmo tempo, a cultura, enriquecida por essa luz, torna-se espa\u00e7o vivo de express\u00e3o, criatividade e conviv\u00eancia, capaz de fortalecer as sociedades e favorecer um encontro respeitoso entre diferentes vis\u00f5es de mundo. Pelo di\u00e1logo entre a f\u00e9 e a cultura, as cidades ganham a esperan\u00e7a de um estilo de vida mais solid\u00e1rio e menos indiferente \u00e0 realidade do outro, desperto para o seu modo de viver e de pensar, assim como para as suas car\u00eancias e dificuldades.<\/p><p>A comiss\u00e3o Diocesana de Cultura do Instituto Cat\u00f3lico quer ser essa presen\u00e7a viva do Evangelho no cora\u00e7\u00e3o da cultura urbana a\u00e7oriana. Em caminho sinodal at\u00e9 aos 500 anos da Diocese de Angra, desejamos que a cidade seja um espa\u00e7o de encontro, di\u00e1logo e esperan\u00e7a, onde todos se sintam escutados e valorizados. Acreditamos que a f\u00e9 pode inspirar novas formas de olhar o nosso patrim\u00f3nio, a nossa hist\u00f3ria, mas tamb\u00e9m as prem\u00eancias sociais do mundo de hoje.<\/p><p>A cultura faz parte da identidade de cada pessoa, que nunca \u00e9 capaz de expressar sozinha tudo o que pode ser e fazer por si e pelos outros. Somos mais do que as nossas tradi\u00e7\u00f5es e h\u00e1bitos: trazemos em n\u00f3s a marca de Deus, que nos projeta sempre para mais al\u00e9m dos nossos sentimentos e projetos individuais. A pastoral da cultura ajudar-nos-\u00e1 a aprofundar dimens\u00e3o profunda, lembrando que s\u00f3 em Deus reconhecemos o sentido maior da nossa vida e das obras que criamos.<\/p><p>Queremos promover o di\u00e1logo f\u00e9-cultura, valorizar o patrim\u00f3nio da nossa Diocese, apoiar a criatividade, envolver as comunidades e construir pontes com todos os que trabalham pela arte, pelo pensamento e pelo desenvolvimento humano. Rumo aos 500 anos da Diocese de Angra, caminhamos sinodalmente com todos para fazer da cultura um lugar de encontro com Deus e de renova\u00e7\u00e3o pastoral.<\/p><p>Equipa<\/p><p>Carmo Rodeia (coordenadora)<\/p><p>Jos\u00e9 Lu\u00eds Brand\u00e3o da Luz<\/p><p>Maria Helena Louren\u00e7o<\/p><p>Lu\u00eds Bastos<\/p><p>Miguel Monjardino<\/p><\/div>\n\t\t\t\t\t\t\t<\/div>\n\t\t<\/div>\n\t\t\t\t\t\t<\/div>\n\t\t\t\t<\/div>\n\t\t\t\t\t<\/div>\n\t\t<\/div>\n\t\t\t\t\t<\/div>\n\t\t<\/section>\n\t\t\t\t<\/div>\n\t\t","protected":false},"excerpt":{"rendered":"<p>SAUDA\u00c7\u00c3O IDENTIDADE E MISS\u00c3O OBJETIVOS HIST\u00d3RIA MISS\u00c3O CULTURA SAUDA\u00c7\u00c3O A todos os que fazem parte do Instituto Cat\u00f3lico de Cultura, [&hellip;]<\/p>\n","protected":false},"author":3,"featured_media":0,"parent":0,"menu_order":0,"comment_status":"closed","ping_status":"closed","template":"","meta":{"site-sidebar-layout":"no-sidebar","site-content-layout":"","ast-site-content-layout":"full-width-container","site-content-style":"default","site-sidebar-style":"default","ast-global-header-display":"","ast-banner-title-visibility":"","ast-main-header-display":"","ast-hfb-above-header-display":"","ast-hfb-below-header-display":"","ast-hfb-mobile-header-display":"","site-post-title":"","ast-breadcrumbs-content":"","ast-featured-img":"disabled","footer-sml-layout":"","ast-disable-related-posts":"","theme-transparent-header-meta":"default","adv-header-id-meta":"","stick-header-meta":"default","header-above-stick-meta":"","header-main-stick-meta":"","header-below-stick-meta":"","astra-migrate-meta-layouts":"set","ast-page-background-enabled":"default","ast-page-background-meta":{"desktop":{"background-color":"var(--ast-global-color-5)","background-image":"","background-repeat":"repeat","background-position":"center center","background-size":"auto","background-attachment":"scroll","background-type":"","background-media":"","overlay-type":"","overlay-color":"","overlay-opacity":"","overlay-gradient":""},"tablet":{"background-color":"","background-image":"","background-repeat":"repeat","background-position":"center center","background-size":"auto","background-attachment":"scroll","background-type":"","background-media":"","overlay-type":"","overlay-color":"","overlay-opacity":"","overlay-gradient":""},"mobile":{"background-color":"","background-image":"","background-repeat":"repeat","background-position":"center center","background-size":"auto","background-attachment":"scroll","background-type":"","background-media":"","overlay-type":"","overlay-color":"","overlay-opacity":"","overlay-gradient":""}},"ast-content-background-meta":{"desktop":{"background-color":"var(--ast-global-color-4)","background-image":"","background-repeat":"repeat","background-position":"center center","background-size":"auto","background-attachment":"scroll","background-type":"","background-media":"","overlay-type":"","overlay-color":"","overlay-opacity":"","overlay-gradient":""},"tablet":{"background-color":"var(--ast-global-color-4)","background-image":"","background-repeat":"repeat","background-position":"center center","background-size":"auto","background-attachment":"scroll","background-type":"","background-media":"","overlay-type":"","overlay-color":"","overlay-opacity":"","overlay-gradient":""},"mobile":{"background-color":"var(--ast-global-color-4)","background-image":"","background-repeat":"repeat","background-position":"center center","background-size":"auto","background-attachment":"scroll","background-type":"","background-media":"","overlay-type":"","overlay-color":"","overlay-opacity":"","overlay-gradient":""}},"footnotes":""},"class_list":["post-1152","page","type-page","status-publish","hentry"],"_links":{"self":[{"href":"http:\/\/icc.diocesedeangra.pt\/index.php\/wp-json\/wp\/v2\/pages\/1152","targetHints":{"allow":["GET"]}}],"collection":[{"href":"http:\/\/icc.diocesedeangra.pt\/index.php\/wp-json\/wp\/v2\/pages"}],"about":[{"href":"http:\/\/icc.diocesedeangra.pt\/index.php\/wp-json\/wp\/v2\/types\/page"}],"author":[{"embeddable":true,"href":"http:\/\/icc.diocesedeangra.pt\/index.php\/wp-json\/wp\/v2\/users\/3"}],"replies":[{"embeddable":true,"href":"http:\/\/icc.diocesedeangra.pt\/index.php\/wp-json\/wp\/v2\/comments?post=1152"}],"version-history":[{"count":23,"href":"http:\/\/icc.diocesedeangra.pt\/index.php\/wp-json\/wp\/v2\/pages\/1152\/revisions"}],"predecessor-version":[{"id":1185,"href":"http:\/\/icc.diocesedeangra.pt\/index.php\/wp-json\/wp\/v2\/pages\/1152\/revisions\/1185"}],"wp:attachment":[{"href":"http:\/\/icc.diocesedeangra.pt\/index.php\/wp-json\/wp\/v2\/media?parent=1152"}],"curies":[{"name":"wp","href":"https:\/\/api.w.org\/{rel}","templated":true}]}}